{"id":1268,"date":"2020-08-13T08:59:36","date_gmt":"2020-08-13T06:59:36","guid":{"rendered":"https:\/\/demo.cmssuperheroes.com\/themeforest\/kindori\/?page_id=1268"},"modified":"2024-09-06T22:17:06","modified_gmt":"2024-09-06T20:17:06","slug":"projekty-ms","status":"publish","type":"page","link":"https:\/\/msjilove.cz\/?page_id=1268","title":{"rendered":"Projekty M\u0160"},"content":{"rendered":"\t\t<div data-elementor-type=\"wp-page\" data-elementor-id=\"1268\" class=\"elementor elementor-1268\">\n\t\t\t\t\t\t\t        <section class=\"elementor-section elementor-top-section elementor-element elementor-element-40f7edd elementor-section-stretched elementor-section-boxed elementor-section-height-default elementor-section-height-default\" data-id=\"40f7edd\" data-element_type=\"section\" data-settings=\"{&quot;stretch_section&quot;:&quot;section-stretched&quot;}\">\n            \n                        <div class=\"elementor-container elementor-column-gap-default \">\n                    <div class=\"elementor-column elementor-col-100 elementor-top-column elementor-element elementor-element-1f2c25d\" data-id=\"1f2c25d\" data-element_type=\"column\">\n            <div class=\"elementor-widget-wrap elementor-element-populated\">\n                        \t\t<div class=\"elementor-element elementor-element-34d0ccd elementor-widget elementor-widget-cms_testimonial_list\" data-id=\"34d0ccd\" data-element_type=\"widget\" data-widget_type=\"cms_testimonial_list.default\">\n\t\t\t\t<div class=\"elementor-widget-container\">\n\t\t\t    <div class=\"cms-testimonial-list\">\r\n        <div class=\"cms-grid-inner\">\r\n                            <div class=\"testimonial-item wow fadeInUp\">\r\n                    \r\n                    <div class=\"item-inner\">\r\n                        <span class=\"arrow-quote\">\r\n                            <svg version=\"1.0\" xmlns=\"http:\/\/www.w3.org\/2000\/svg\"\r\n                             width=\"28.000000pt\" height=\"18.000000pt\" viewBox=\"0 0 28.000000 18.000000\"\r\n                             preserveAspectRatio=\"xMidYMid meet\">\r\n\r\n                            <g transform=\"translate(0.000000,18.000000) scale(0.100000,-0.100000)\" stroke=\"none\">\r\n                            <path d=\"M39 166 c-44 -22 -35 -106 12 -106 30 0 22 -20 -11 -27 -33 -6 -46\r\n                            -18 -31 -28 16 -9 77 21 95 46 19 28 21 92 4 106 -24 18 -45 21 -69 9z\"\/>\r\n                            <path d=\"M188 166 c-43 -22 -33 -106 13 -106 30 0 22 -20 -11 -27 -33 -6 -46\r\n                            -18 -31 -28 14 -8 73 18 92 41 55 64 7 155 -63 120z\"\/>\r\n                            <\/g>\r\n                            <\/svg>\r\n                        <\/span>\r\n                        <div class=\"item-holder\">\r\n                                                            <div class=\"item-image\">\r\n                                    <img decoding=\"async\" width=\"150\" height=\"150\" src=\"https:\/\/msjilove.cz\/wp-content\/uploads\/2022\/01\/rybicky_prw-150x150.jpg\" class=\"attachment-thumbnail\" alt=\"\" \/>                                <\/div>\r\n                                                                                        <div class=\"item-meta\">\r\n                                                                            <h3 class=\"item-name\">    \r\n                                            EVVO                                        <\/h3>\r\n                                                                                                                <div class=\"item-position\">Na\u0161e M\u0160 je zapojena do projektu Recyklohran\u00ed aneb ukli\u010fme si sv\u011bt.<\/div>\r\n                                                                    <\/div>\r\n                                                        <span class=\"item-star five-star\">\r\n                                <i class=\"fas fa-star\"><\/i>\r\n                                <i class=\"fas fa-star\"><\/i>\r\n                                <i class=\"fas fa-star\"><\/i>\r\n                                <i class=\"fas fa-star\"><\/i>\r\n                                <i class=\"fas fa-star\"><\/i>\r\n                            <\/span>\r\n                        <\/div>\r\n                                                    <div class=\"item-description\">Jedn\u00e1 se o dlouhodob\u00fd \u0161koln\u00ed projekt, kter\u00fd v sob\u011b spojuje vzd\u011bl\u00e1vac\u00ed program a sout\u011b\u017ee se zam\u011b\u0159en\u00edm na t\u0159\u00edd\u011bn\u00ed a recyklaci odpad\u016f. Program je finan\u010dn\u011b podporovan\u00fd spole\u010dnostmi ASEKOL s.r.o., ECOBAT, s.r.o., EKO-KOM, a.s., EKOLAMP, s.r.o. a ELEKTROWIN, a.s. a je pod z\u00e1\u0161titou M\u0160MT \u010cesk\u00e9 republiky. N\u00e1\u0161 EVVO program je p\u0159\u00edlohou \u0160koln\u00edho vzd\u011bl\u00e1vac\u00edho pl\u00e1nu.\n\nProgram umo\u017e\u0148uje \u0161kolk\u00e1m z\u00edsk\u00e1vat body v n\u00e1vaznosti na vzd\u011bl\u00e1vac\u00ed a v\u00fdchovn\u00e9 \u00fakoly s ekologickou tematikou a na z\u00e1klad\u011b zp\u011btn\u00e9ho odb\u011bru drobn\u00e9ho vyslou\u017eil\u00e9ho elektroza\u0159\u00edzen\u00ed a pou\u017eit\u00fdch bateri\u00ed. Za body si m\u016f\u017ee \u0161kolka \u010derpat odm\u011bny z katalogu odm\u011bn.\n\nVe \u0161kolce p\u0159ed vstupem do hospod\u00e1\u0159sk\u00e9 \u010d\u00e1sti a k Tu\u010d\u0148\u00e1k\u016fm  je um\u00edst\u011bn \u010derven\u00fd kontejner na sb\u011br drobn\u00e9ho elektroza\u0159\u00edzen\u00ed a zelen\u00e1 krabice na pou\u017eit\u00e9 baterie.\n\nPomozte n\u00e1m z\u00edskat body v sout\u011b\u017ei a odevzdejte ve \u0161kolce pou\u017eit\u00e1 drobn\u00e1 elektroza\u0159\u00edzen\u00ed a pou\u017eit\u00e9 baterie.<\/div>\r\n                                            <\/div>\r\n                <\/div>\r\n                            <div class=\"testimonial-item wow fadeInUp\">\r\n                    \r\n                    <div class=\"item-inner\">\r\n                        <span class=\"arrow-quote\">\r\n                            <svg version=\"1.0\" xmlns=\"http:\/\/www.w3.org\/2000\/svg\"\r\n                             width=\"28.000000pt\" height=\"18.000000pt\" viewBox=\"0 0 28.000000 18.000000\"\r\n                             preserveAspectRatio=\"xMidYMid meet\">\r\n\r\n                            <g transform=\"translate(0.000000,18.000000) scale(0.100000,-0.100000)\" stroke=\"none\">\r\n                            <path d=\"M39 166 c-44 -22 -35 -106 12 -106 30 0 22 -20 -11 -27 -33 -6 -46\r\n                            -18 -31 -28 16 -9 77 21 95 46 19 28 21 92 4 106 -24 18 -45 21 -69 9z\"\/>\r\n                            <path d=\"M188 166 c-43 -22 -33 -106 13 -106 30 0 22 -20 -11 -27 -33 -6 -46\r\n                            -18 -31 -28 14 -8 73 18 92 41 55 64 7 155 -63 120z\"\/>\r\n                            <\/g>\r\n                            <\/svg>\r\n                        <\/span>\r\n                        <div class=\"item-holder\">\r\n                                                            <div class=\"item-image\">\r\n                                    <img decoding=\"async\" width=\"150\" height=\"150\" src=\"https:\/\/msjilove.cz\/wp-content\/uploads\/2022\/01\/carrot-pngrepo-com-150x150.png\" class=\"attachment-thumbnail\" alt=\"\" \/>                                <\/div>\r\n                                                                                        <div class=\"item-meta\">\r\n                                                                            <h3 class=\"item-name\">    \r\n                                            Environment\u00e1ln\u00ed v\u00fdchova \u201eMrkvi\u010dka\u201c                                        <\/h3>\r\n                                                                                                                <div class=\"item-position\">T\u00e9\u017e jsme zapojeni do projektu environment\u00e1ln\u00ed v\u00fdchovy<\/div>\r\n                                                                    <\/div>\r\n                                                        <span class=\"item-star five-star\">\r\n                                <i class=\"fas fa-star\"><\/i>\r\n                                <i class=\"fas fa-star\"><\/i>\r\n                                <i class=\"fas fa-star\"><\/i>\r\n                                <i class=\"fas fa-star\"><\/i>\r\n                                <i class=\"fas fa-star\"><\/i>\r\n                            <\/span>\r\n                        <\/div>\r\n                                                    <div class=\"item-description\">Projekt Mrkvi\u010dka je vzd\u011bl\u00e1vac\u00ed a informa\u010dn\u00ed podpora mate\u0159sk\u00fdm \u0161kol\u00e1m v napl\u0148ov\u00e1n\u00ed environment\u00e1ln\u00ed oblasti \u201eD\u00edt\u011b a sv\u011bt\u201c R\u00e1mcov\u00e9ho vzd\u011bl\u00e1vac\u00edho programu pro p\u0159ed\u0161koln\u00ed vzd\u011bl\u00e1v\u00e1n\u00ed. Realizuje ji Sdru\u017een\u00ed st\u0159edisek ekologick\u00e9 v\u00fdchovy Pavu\u010dina a je projektem dlouhodob\u00fdm. Jeho realizace za\u010dala v roce 2007, a to prost\u0159ednictv\u00edm \u010dlensk\u00fdch st\u0159edisek (krajsk\u00fdch koordin\u00e1tor\u016f) a  zahrnovala vytvo\u0159en\u00ed s\u00edt\u011b M\u0160 se zv\u00fd\u0161en\u00fdm z\u00e1jmem o environment\u00e1ln\u00ed oblast na krajsk\u00fdch, resp. celorepublikov\u00e9 \u00farovni, zmapov\u00e1n\u00ed pot\u0159eb mate\u0159sk\u00fdch \u0161kol; d\u00e1le poskytov\u00e1n\u00ed informa\u010dn\u00ed a metodick\u00e9 pomoci M\u0160 v environment\u00e1ln\u00ed oblasti na z\u00e1klad\u011b zmapovan\u00fdch pot\u0159eb; zprost\u0159edkov\u00e1n\u00ed vz\u00e1jemn\u00e9 v\u00fdm\u011bny zku\u0161enost\u00ed pedagogick\u00fdch pracovn\u00edk\u016f se zpracov\u00e1n\u00edm a realizac\u00ed environment\u00e1ln\u00ed oblasti D\u00edt\u011b a sv\u011bt v r\u00e1mci \u0161koln\u00edch vzd\u011bl\u00e1vac\u00edch program\u016f. Na\u0161e \u0161kolka je do programu zapojena od \u0161koln\u00edho roku 2010\/2011. Jeliko\u017e je\u0161t\u011b nebyla vytvo\u0159ena s\u00ed\u0165 eko\u0161kolek, budeme se pokou\u0161et o ni usilovat. Nad\u00e1le budeme pokra\u010dovat ve spolupr\u00e1ci s ekocentry, lesn\u00edmi \u0161kolkami a organizacemi usiluj\u00edc\u00edmi o trvale udr\u017eiteln\u00fd \u017eivot.\n\nEko osv\u011bta se bude prol\u00ednat do v\u0161ech \u010dinnost\u00ed a v pr\u016fb\u011bhu vzd\u011bl\u00e1v\u00e1n\u00ed budeme pracovat s kompetencemi k tomu se vztahuj\u00edc\u00edmi.\n\nNa\u0161i pedagogov\u00e9 se v r\u00e1mci DVPP d\u00e1le vzd\u011bl\u00e1vaj\u00ed a to i v environment\u00e1ln\u00ed oblasti. Nav\u0161t\u011bvuj\u00ed r\u016fzn\u00e9 ekologick\u00e9 semin\u00e1\u0159e a ekod\u00edlny.<\/div>\r\n                                            <\/div>\r\n                <\/div>\r\n                            <div class=\"testimonial-item wow fadeInUp\">\r\n                    \r\n                    <div class=\"item-inner\">\r\n                        <span class=\"arrow-quote\">\r\n                            <svg version=\"1.0\" xmlns=\"http:\/\/www.w3.org\/2000\/svg\"\r\n                             width=\"28.000000pt\" height=\"18.000000pt\" viewBox=\"0 0 28.000000 18.000000\"\r\n                             preserveAspectRatio=\"xMidYMid meet\">\r\n\r\n                            <g transform=\"translate(0.000000,18.000000) scale(0.100000,-0.100000)\" stroke=\"none\">\r\n                            <path d=\"M39 166 c-44 -22 -35 -106 12 -106 30 0 22 -20 -11 -27 -33 -6 -46\r\n                            -18 -31 -28 16 -9 77 21 95 46 19 28 21 92 4 106 -24 18 -45 21 -69 9z\"\/>\r\n                            <path d=\"M188 166 c-43 -22 -33 -106 13 -106 30 0 22 -20 -11 -27 -33 -6 -46\r\n                            -18 -31 -28 14 -8 73 18 92 41 55 64 7 155 -63 120z\"\/>\r\n                            <\/g>\r\n                            <\/svg>\r\n                        <\/span>\r\n                        <div class=\"item-holder\">\r\n                                                            <div class=\"item-image\">\r\n                                    <img decoding=\"async\" width=\"38\" height=\"59\" src=\"https:\/\/msjilove.cz\/wp-content\/uploads\/2024\/07\/detska_mensa.jpg\" class=\"attachment-thumbnail\" alt=\"\" \/>                                <\/div>\r\n                                                                                        <div class=\"item-meta\">\r\n                                                                            <h3 class=\"item-name\">    \r\n                                            D\u011aTSK\u00c1 MENSA                                        <\/h3>\r\n                                                                                                                <div class=\"item-position\">Mensa \u010cesko: nadan\u00e9 d\u011bti: M\u0160 Pod \u0160kolkou, J\u00edlov\u00e9 u Prahy \u2013 NTC \u0161kolky<\/div>\r\n                                                                    <\/div>\r\n                                                        <span class=\"item-star five-star\">\r\n                                <i class=\"fas fa-star\"><\/i>\r\n                                <i class=\"fas fa-star\"><\/i>\r\n                                <i class=\"fas fa-star\"><\/i>\r\n                                <i class=\"fas fa-star\"><\/i>\r\n                                <i class=\"fas fa-star\"><\/i>\r\n                            <\/span>\r\n                        <\/div>\r\n                                                    <div class=\"item-description\">Na\u0161e mate\u0159sk\u00e1 \u0161kola nakoupila pom\u016fcky pro vzd\u011bl\u00e1v\u00e1n\u00ed nadan\u00fdch d\u011bt\u00ed. Inspirovali jsme se na str\u00e1nk\u00e1ch Mensa \u010cesko a ji\u017e je pou\u017e\u00edv\u00e1me. Jedn\u00e1 se o pom\u016fcky individu\u00e1ln\u00ed i skupinov\u00e9. Jsou rozmanit\u00e9, adekv\u00e1tn\u00ed v\u011bku d\u011bt\u00ed. Jedn\u00e1 se zejm\u00e9na o stoln\u00ed a deskov\u00e9 hry, karetn\u00ed hry, d\u0159ev\u011bn\u00e9 skl\u00e1da\u010dky, vlajky zem\u00ed, zna\u010dky aut atd. Uzp\u016fsobili jsme tomu tak\u00e9 t\u0159\u00eddu, kde m\u00e1me speci\u00e1ln\u00ed m\u00edsto a koutek, kde d\u011bti s t\u011bmito pom\u016fckami pracuj\u00ed a v\u011bd\u00ed, kde je hledat. Pou\u017e\u00edv\u00e1me je hlavn\u011b r\u00e1no p\u0159i rann\u00edch \u010dinnostech, kdy d\u011bti chod\u00ed postupn\u011b a je jich m\u00e9n\u011b a mohu se jim pln\u011b v\u011bnovat anebo p\u0159i odpoledn\u00edch hr\u00e1ch, kdy d\u011btem nab\u00eddnu tyto \u010dinnosti a v\u017edy velk\u00e1 \u010d\u00e1st jde vyzkou\u0161et, co jsem jim p\u0159ipravila. S d\u011btmi tak\u00e9 procvi\u010dujeme ob\u011b hemisf\u00e9ry zejm\u00e9na to\u010den\u00edm jedn\u00edm sm\u011brem a zhruba za dal\u0161\u00ed t\u00fdden druh\u00fdm sm\u011brem, tak jak jsme si to ukazovali na kurzu. P\u0159i pou\u017e\u00edv\u00e1n\u00ed vlajek zem\u00ed a zna\u010dek aut procvi\u010dujeme pam\u011b\u0165 a post\u0159eh a vedeme d\u011bti k vytv\u00e1\u0159en\u00ed asociac\u00ed k jednotliv\u00fdm zem\u00edm i k jednotliv\u00fdm zna\u010dk\u00e1m aut. K tomu pou\u017e\u00edv\u00e1me atlasy a encyklopedie, odborn\u00e9 knihy a tak\u00e9 n\u00e1m k tomu dopom\u00e1h\u00e1 pohyb. Zejm\u00e9na u zna\u010dek aut, kde si m\u016f\u017eeme na jednotliv\u00e1 auta zahr\u00e1t a vytv\u00e1\u0159et tak r\u016fzn\u00e9 dopravn\u00ed situace.\n\nZalo\u017eili jsme Klub \u0161ikovn\u00fdch d\u011bt\u00ed Dum\u00e1lek.\n\nR\u00e1di bychom se v\u00edce dostali do pov\u011bdom\u00ed rodi\u010d\u016f, a to informacemi p\u0159\u00edmo od n\u00e1s nebo zap\u016fj\u010den\u00edm odborn\u00e9 literatury, \u010dasopis\u016f nebo odkazem na str\u00e1nky Mensa \u010cesko. Chyst\u00e1me se prezentovat na\u0161i pr\u00e1ci uk\u00e1zkov\u00fdmi hodinami, kde by m\u011bli mo\u017enost vid\u011bt a sezn\u00e1mit se, jak s d\u011btmi pracujeme a hlavn\u011b, jak moc je to bav\u00ed a rozv\u00edj\u00ed po v\u0161ech str\u00e1nk\u00e1ch od koncentrace a soust\u0159ed\u011bnosti a\u017e po procvi\u010den\u00ed pam\u011bti, samostatnosti nebo schopnosti dokon\u010dit \u00fakol. D\u00e1le pl\u00e1nujeme odpoledne deskov\u00fdch a stoln\u00edch her, kde bychom zapojili i rodi\u010de a t\u00edm tak\u00e9 o tomto vzd\u011bl\u00e1v\u00e1n\u00ed spole\u010dn\u011b v\u00edce hovo\u0159ili a diskutovali.<\/div>\r\n                                            <\/div>\r\n                <\/div>\r\n                            <div class=\"testimonial-item wow fadeInUp\">\r\n                    \r\n                    <div class=\"item-inner\">\r\n                        <span class=\"arrow-quote\">\r\n                            <svg version=\"1.0\" xmlns=\"http:\/\/www.w3.org\/2000\/svg\"\r\n                             width=\"28.000000pt\" height=\"18.000000pt\" viewBox=\"0 0 28.000000 18.000000\"\r\n                             preserveAspectRatio=\"xMidYMid meet\">\r\n\r\n                            <g transform=\"translate(0.000000,18.000000) scale(0.100000,-0.100000)\" stroke=\"none\">\r\n                            <path d=\"M39 166 c-44 -22 -35 -106 12 -106 30 0 22 -20 -11 -27 -33 -6 -46\r\n                            -18 -31 -28 16 -9 77 21 95 46 19 28 21 92 4 106 -24 18 -45 21 -69 9z\"\/>\r\n                            <path d=\"M188 166 c-43 -22 -33 -106 13 -106 30 0 22 -20 -11 -27 -33 -6 -46\r\n                            -18 -31 -28 14 -8 73 18 92 41 55 64 7 155 -63 120z\"\/>\r\n                            <\/g>\r\n                            <\/svg>\r\n                        <\/span>\r\n                        <div class=\"item-holder\">\r\n                                                            <div class=\"item-image\">\r\n                                    <img decoding=\"async\" width=\"150\" height=\"150\" src=\"https:\/\/msjilove.cz\/wp-content\/uploads\/2022\/01\/food1-150x150.jpg\" class=\"attachment-thumbnail\" alt=\"\" \/>                                <\/div>\r\n                                                                                        <div class=\"item-meta\">\r\n                                                                            <h3 class=\"item-name\">    \r\n                                            SKUTE\u010cN\u011a ZDRAV\u00c1 \u0160KOLKA                                        <\/h3>\r\n                                                                                                                <div class=\"item-position\">Chceme zdrav\u011bj\u0161\u00ed d\u011bti<\/div>\r\n                                                                    <\/div>\r\n                                                        <span class=\"item-star five-star\">\r\n                                <i class=\"fas fa-star\"><\/i>\r\n                                <i class=\"fas fa-star\"><\/i>\r\n                                <i class=\"fas fa-star\"><\/i>\r\n                                <i class=\"fas fa-star\"><\/i>\r\n                                <i class=\"fas fa-star\"><\/i>\r\n                            <\/span>\r\n                        <\/div>\r\n                                                    <div class=\"item-description\">Na\u0161e \u0161kolky se zapojili do programu \u201eSkute\u010dn\u011b zdrav\u00e1 \u0161kola\u201c\n\nChceme, aby na\u0161e d\u011bti jedly j\u00eddlo, kter\u00e9 je zdrav\u00e9 a kter\u00e9 jim chutn\u00e1, a aby v\u011bd\u011bly, odkud j\u00eddlo poch\u00e1z\u00ed a jak vznik\u00e1. Skute\u010dn\u011b zdrav\u00e1 \u0161kola je komplexn\u00ed program zdrav\u00e9ho \u0161koln\u00edho stravov\u00e1n\u00ed. Sna\u017e\u00ed se, aby si d\u011bti j\u00eddla v\u00e1\u017eily, dok\u00e1zaly si jej vychutnat a v\u011bd\u011bly, odkud j\u00eddlo poch\u00e1z\u00ed a jak vznik\u00e1. Skute\u010dn\u011b zdrav\u00e1 \u0161kola pom\u00e1h\u00e1 d\u011btem v rozvoji dovednost\u00ed a n\u00e1vyk\u016f, kter\u00e9 budou pot\u0159ebovat ke zdrav\u00e9mu a \u00fasp\u011b\u0161n\u00e9mu \u017eivotu.\n\n Desatero \u0161koln\u00ed kuchyn\u011b\nDoporu\u010den\u00ed Skute\u010dn\u011b zdrav\u00e9 \u0161koly pro p\u0159\u00edpravu pokrm\u016f ve \u0161koln\u00edch j\u00eddeln\u00e1ch.\n 1.Pou\u017e\u00edv\u00e1me jen z\u00e1kladn\u00ed suroviny\nPokrmy p\u0159ipravujeme ze z\u00e1kladn\u00edch surovin, jako jsou: \u010derstv\u00e1 zelenina a ovoce, brambory, lu\u0161t\u011bniny, r\u00fd\u017ee, t\u011bstoviny a dal\u0161\u00ed obiloviny (p\u0159ednostn\u011b celozrnn\u00e9), maso, ryby, neochucen\u00e9 ml\u00e9\u010dn\u00e9 v\u00fdrobky, vejce, ko\u0159en\u00ed atd.\n\nUp\u0159ednost\u0148ujeme lok\u00e1ln\u00ed a sez\u00f3nn\u00ed potraviny\nSuroviny k p\u0159\u00edprav\u011b pokrm\u016f nakupujeme od m\u00edstn\u00edch v\u00fdrobc\u016f a dodavatel\u016f \u2013 podporujeme region\u00e1ln\u00ed trh. Vyu\u017e\u00edv\u00e1me p\u0159ednostn\u011b zeleninu a ovoce, kter\u00e9 dozr\u00e1v\u00e1 v dan\u00e9m ro\u010dn\u00edm obdob\u00ed.\n\nMinimalizujeme pou\u017e\u00edv\u00e1n\u00ed polotovar\u016f a instantn\u00edch potravin\nK p\u0159\u00edprav\u011b j\u00eddel nepou\u017e\u00edv\u00e1me hotov\u00e9 \u010di instantn\u00ed v\u00fdrobky, konzervy (s v\u00fdjimkou rybi\u010dek nap\u0159. k p\u0159\u00edprav\u011b pomaz\u00e1nek), uzeniny, kompoty, sterilovanou zeleninu. Z mra\u017een\u00e9 zeleniny vyu\u017e\u00edv\u00e1me p\u0159edev\u0161\u00edm druhy celoro\u010dn\u011b nedostupn\u00e9 (hr\u00e1\u0161ek, fazolky).\n\nOmezujeme konzumaci b\u00edl\u00e9 p\u0161eni\u010dn\u00e9 mouky\nNa p\u0159\u00edpravu mou\u010dn\u00fdch j\u00eddel a p\u0159\u00edloh p\u0159ednostn\u011b pou\u017e\u00edv\u00e1me celozrnnou mouku, za\u0159azujeme i nep\u0161eni\u010dn\u00e9 druhy, pe\u010divo kvasov\u00e9. Zbyte\u010dn\u011b nenastavujeme a nezahu\u0161\u0165ujeme j\u00eddla moukou. Jako vhodn\u00e9 alternativy pro zahu\u0161t\u011bn\u00ed doporu\u010dujeme nap\u0159\u00edklad \u010dervenou \u010do\u010dku a j\u00e1hly.\n\nMinimalizujeme mno\u017estv\u00ed soli\nJ\u00eddla dochucujeme \u010derstv\u00fdmi a su\u0161en\u00fdmi bylinkami, nepou\u017e\u00edv\u00e1me hotov\u00e1 dochucovadla, zejm\u00e9na p\u0159\u00edpravky s glutam\u00e1tem.\n\nSni\u017eujeme spot\u0159ebu cukru\nSladk\u00e1 j\u00eddla za\u0159azujeme maxim\u00e1ln\u011b 2x m\u011bs\u00ed\u010dn\u011b (ide\u00e1ln\u011b podle recept\u016f z nab\u00eddnut\u00e9ho recept\u00e1\u0159e), pokrmy nedoslazujeme (om\u00e1\u010dky atd.), n\u00e1poje pod\u00e1v\u00e1me pouze neslazen\u00e9, nepou\u017e\u00edv\u00e1me um\u011bl\u00e1 sladidla ani v\u00fdrobky, kter\u00e9 je obsahuj\u00ed. Nekupujeme slazen\u00e9 ml\u00e9\u010dn\u00e9 dezerty, sladk\u00e9 pe\u010divo ani jin\u00e9 sladkosti.\n\nPou\u017e\u00edv\u00e1me kvalitn\u00ed tuky\nK p\u0159\u00edprav\u011b pokrm\u016f pou\u017e\u00edv\u00e1me rostlinn\u00e9 nerafinovan\u00e9 oleje, m\u00e1slo a s\u00e1dlo. Nepou\u017e\u00edv\u00e1me potraviny obsahuj\u00edc\u00ed \u010d\u00e1ste\u010dn\u011b ztu\u017een\u00e9 tuky.\n\nHlavn\u00ed j\u00eddlo pod\u00e1v\u00e1me s dostatkem zeleniny\nOb\u011bd tvo\u0159\u00ed hlavn\u00ed j\u00eddlo a neslazen\u00fd n\u00e1poj. K tomu si d\u00edt\u011b m\u016f\u017ee p\u0159idat pol\u00e9vku, sal\u00e1t, p\u0159\u00edpadn\u011b jednotlivou zeleninu \u010di ovoce.\n\nDb\u00e1me na vyv\u00e1\u017eenost mezi masit\u00fdmi a nemasit\u00fdmi pokrmy\nP\u0159i nab\u00eddce jednoho j\u00eddla se k hlavn\u00edmu chodu st\u0159\u00eddaj\u00ed masit\u00e1 a bezmas\u00e1 j\u00eddla. Ide\u00e1ln\u00ed je nab\u00eddka dvou j\u00eddel, z nich\u017e jedno je bezmas\u00e9. Pol\u00e9vky jsou p\u0159ev\u00e1\u017en\u011b zeleninov\u00e9 a lu\u0161t\u011bninov\u00e9.\n\nRespektujeme pot\u0159eby d\u00edt\u011bte a \u010das k j\u00eddlu\nKa\u017ed\u00e9 d\u00edt\u011b dost\u00e1v\u00e1 porci s respektem k jeho skute\u010dn\u00fdm pot\u0159eb\u00e1m a chut\u00edm. U zdrav\u00fdch prosp\u00edvaj\u00edc\u00edch d\u011bt\u00ed jsou respektov\u00e1ny dietn\u00ed z\u00e1sady vyj\u00e1d\u0159en\u00e9 rodi\u010di. J\u00eddelna podle sv\u00fdch mo\u017enost\u00ed nab\u00edz\u00ed dietn\u00ed stravov\u00e1n\u00ed nebo alespo\u0148 uskladn\u011bn\u00ed a p\u0159ih\u0159\u00e1t\u00ed dom\u00e1c\u00edho ob\u011bda. Veden\u00ed \u0161koly pl\u00e1nuje dostatek \u010dasu na j\u00eddlo, zaji\u0161\u0165uje klidnou atmosf\u00e9ru v j\u00eddeln\u011b.<\/div>\r\n                                            <\/div>\r\n                <\/div>\r\n                            <div class=\"testimonial-item wow fadeInUp\">\r\n                    \r\n                    <div class=\"item-inner\">\r\n                        <span class=\"arrow-quote\">\r\n                            <svg version=\"1.0\" xmlns=\"http:\/\/www.w3.org\/2000\/svg\"\r\n                             width=\"28.000000pt\" height=\"18.000000pt\" viewBox=\"0 0 28.000000 18.000000\"\r\n                             preserveAspectRatio=\"xMidYMid meet\">\r\n\r\n                            <g transform=\"translate(0.000000,18.000000) scale(0.100000,-0.100000)\" stroke=\"none\">\r\n                            <path d=\"M39 166 c-44 -22 -35 -106 12 -106 30 0 22 -20 -11 -27 -33 -6 -46\r\n                            -18 -31 -28 16 -9 77 21 95 46 19 28 21 92 4 106 -24 18 -45 21 -69 9z\"\/>\r\n                            <path d=\"M188 166 c-43 -22 -33 -106 13 -106 30 0 22 -20 -11 -27 -33 -6 -46\r\n                            -18 -31 -28 14 -8 73 18 92 41 55 64 7 155 -63 120z\"\/>\r\n                            <\/g>\r\n                            <\/svg>\r\n                        <\/span>\r\n                        <div class=\"item-holder\">\r\n                                                            <div class=\"item-image\">\r\n                                    <img decoding=\"async\" width=\"109\" height=\"90\" src=\"https:\/\/msjilove.cz\/wp-content\/uploads\/2022\/02\/etwinning.jpg\" class=\"attachment-thumbnail\" alt=\"\" \/>                                <\/div>\r\n                                                                                        <div class=\"item-meta\">\r\n                                                                            <h3 class=\"item-name\">    \r\n                                            eTwinning                                        <\/h3>\r\n                                                                                                                <div class=\"item-position\">eTwinning je spole\u010denstv\u00ed evropsk\u00fdch \u0161kol<\/div>\r\n                                                                    <\/div>\r\n                                                        <span class=\"item-star five-star\">\r\n                                <i class=\"fas fa-star\"><\/i>\r\n                                <i class=\"fas fa-star\"><\/i>\r\n                                <i class=\"fas fa-star\"><\/i>\r\n                                <i class=\"fas fa-star\"><\/i>\r\n                                <i class=\"fas fa-star\"><\/i>\r\n                            <\/span>\r\n                        <\/div>\r\n                                                    <div class=\"item-description\">Na\u0161e \u0161kolka je zapojena do projektu eTwinning.\nV r\u00e1mci tohoto projektu budou d\u011bti spole\u010dn\u011b se sv\u00fdmi u\u010ditelkami komunikovat s jin\u00fdmi mate\u0159sk\u00fdmi \u0161kolkami z \u010cR i jin\u00fdch zem\u00ed, nap\u0159\u00edklad formou v\u00fdtvarn\u00fdch projekt\u016f, komunikovat p\u0159es interaktivn\u00ed tabuli nebo si pos\u00edlat v\u00fdrobky, pohledy a jin\u00e9 v\u011bci po\u0161tou. \nNa\u0161e pan\u00ed u\u010ditelky se na tuto \u010dinnost velmi t\u011b\u0161\u00ed a d\u011bti si to zajist\u00e9 tak\u00e9 velmi u\u017eij\u00ed.\n \nHlavn\u00edm konceptem eTwinningu je, \u017ee \u0161koly jsou sp\u00e1rov\u00e1ny s jinou \u0161kolou jinde v Evrop\u011b a spoluvytv\u00e1\u0159ej\u00ed projekt, zn\u00e1m\u00fd tak\u00e9 jako projekt eTwinning . Dv\u011b \u0161koly pak komunikuj\u00ed prost\u0159ednictv\u00edm internetu, nap\u0159\u00edklad prost\u0159ednictv\u00edm elektronick\u00e9 po\u0161ty nebo videokonference a spolupracuj\u00ed, sd\u00edlej\u00ed a u\u010d\u00ed se od sebe navz\u00e1jem. eTwinning podporuje a rozv\u00edj\u00ed dovednosti v oblasti informa\u010dn\u00edch a komunika\u010dn\u00edch technologi\u00ed, jeliko\u017e hlavn\u00ed \u010dinnosti spo\u010d\u00edvaj\u00ed v u\u017e\u00edv\u00e1n\u00ed informa\u010dn\u00edch technologi\u00ed. \nB\u00fdt &quot;partnersk\u00e9&quot; se zahrani\u010dn\u00ed \u0161kolou tak\u00e9 podporuje mezikulturn\u00ed v\u00fdm\u011bnu znalost\u00ed, podporuje mezikulturn\u00ed uv\u011bdom\u011bn\u00ed student\u016f a zlep\u0161uje jejich komunika\u010dn\u00ed dovednosti.\nProjekty eTwinning trvaj\u00ed po n\u011bjakou dobu v rozmez\u00ed od jednoho t\u00fddne a\u017e po m\u011bs\u00edce, a\u017e po vytvo\u0159en\u00ed trval\u00fdch vztah\u016f mezi \u0161kolami.\n\u0160koly (prim\u00e1rn\u00ed i sekund\u00e1rn\u00ed) v \u010dlensk\u00fdch st\u00e1tech Evropsk\u00e9 unie se mohou zapojit do projektu eTwinning\n<\/div>\r\n                                            <\/div>\r\n                <\/div>\r\n                            <div class=\"testimonial-item wow fadeInUp\">\r\n                    \r\n                    <div class=\"item-inner\">\r\n                        <span class=\"arrow-quote\">\r\n                            <svg version=\"1.0\" xmlns=\"http:\/\/www.w3.org\/2000\/svg\"\r\n                             width=\"28.000000pt\" height=\"18.000000pt\" viewBox=\"0 0 28.000000 18.000000\"\r\n                             preserveAspectRatio=\"xMidYMid meet\">\r\n\r\n                            <g transform=\"translate(0.000000,18.000000) scale(0.100000,-0.100000)\" stroke=\"none\">\r\n                            <path d=\"M39 166 c-44 -22 -35 -106 12 -106 30 0 22 -20 -11 -27 -33 -6 -46\r\n                            -18 -31 -28 16 -9 77 21 95 46 19 28 21 92 4 106 -24 18 -45 21 -69 9z\"\/>\r\n                            <path d=\"M188 166 c-43 -22 -33 -106 13 -106 30 0 22 -20 -11 -27 -33 -6 -46\r\n                            -18 -31 -28 14 -8 73 18 92 41 55 64 7 155 -63 120z\"\/>\r\n                            <\/g>\r\n                            <\/svg>\r\n                        <\/span>\r\n                        <div class=\"item-holder\">\r\n                                                            <div class=\"item-image\">\r\n                                    <img decoding=\"async\" width=\"150\" height=\"150\" src=\"https:\/\/msjilove.cz\/wp-content\/uploads\/2022\/02\/cesko-150x150.jpg\" class=\"attachment-thumbnail\" alt=\"\" \/>                                <\/div>\r\n                                                                                        <div class=\"item-meta\">\r\n                                                                            <h3 class=\"item-name\">    \r\n                                            Cel\u00e9 \u010cesko \u010dte d\u011btem                                        <\/h3>\r\n                                                                                                                <div class=\"item-position\">Na\u0161e Mate\u0159sk\u00e9 \u0161kolky jsou zapojeny do celost\u00e1tn\u00edho projektu \u201eCel\u00e9 \u010cesko \u010dte d\u011btem\u201c. <\/div>\r\n                                                                    <\/div>\r\n                                                        <span class=\"item-star five-star\">\r\n                                <i class=\"fas fa-star\"><\/i>\r\n                                <i class=\"fas fa-star\"><\/i>\r\n                                <i class=\"fas fa-star\"><\/i>\r\n                                <i class=\"fas fa-star\"><\/i>\r\n                                <i class=\"fas fa-star\"><\/i>\r\n                            <\/span>\r\n                        <\/div>\r\n                                                    <div class=\"item-description\">Posl\u00e1n\u00edm tohoto projektu je podporovat d\u011btskou p\u0159edstavivost a fantazii, ale i rozv\u00edjet my\u0161len\u00ed, pam\u011b\u0165 a slovn\u00ed z\u00e1sobu.\n D\u011btem \u010dteme ka\u017ed\u00fd den p\u0159i odpoledn\u00edm odpo\u010dinku. Ka\u017edodenn\u00ed \u010dten\u00ed je osv\u011bd\u010den\u00fdm zp\u016fsobem, jak u d\u011bt\u00ed vzbudit z\u00e1jem o knihy, rozv\u00edjet jejich pot\u0159ebu \u010d\u00edst, vychov\u00e1vat z nich \u010dten\u00e1\u0159e, ale i p\u0159in\u00e1\u0161et radost a l\u00e1sku \u010desk\u00e9mu jazyku. \n\u010cetba jako takov\u00e1 upev\u0148uje pouto mezi d\u00edt\u011btem a dosp\u011bl\u00fdm. \nD\u011bti maj\u00ed \u010dten\u00ed r\u00e1dy, proto m\u016f\u017eeme d\u011btem \u010d\u00edst \u010dast\u011bji a pokud\nbudou rodi\u010de m\u00edt chu\u0165, m\u016f\u017eou se p\u0159ipojit do projektu s n\u00e1mi. K \u010detb\u011b jsou v\u00edt\u00e1ni v\u0161ichni maminky, tat\u00ednkov\u00e9, babi\u010dky, d\u011bdov\u00e9, ale i sourozenci.\n\nPoj\u010fte do toho s n\u00e1mi, sta\u010d\u00ed 20 minut denn\u011b.\n<\/div>\r\n                                            <\/div>\r\n                <\/div>\r\n                    <\/div>\r\n    <\/div>\r\n\t\t<\/div>\n\t\t\t\t<\/div>\n\t\t            <\/div>\n        <\/div>\n                            <\/div>\n        <\/section>\n        \t\t\t\t\t<\/div>\n\t\t","protected":false},"excerpt":{"rendered":"<p>EVVO Na\u0161e M\u0160 je zapojena do projektu Recyklohran\u00ed aneb ukli\u010fme si sv\u011bt. Jedn\u00e1 se o dlouhodob\u00fd \u0161koln\u00ed projekt, kter\u00fd v sob\u011b spojuje vzd\u011bl\u00e1vac\u00ed program a sout\u011b\u017ee se zam\u011b\u0159en\u00edm na t\u0159\u00edd\u011bn\u00ed [&hellip;]<\/p>\n","protected":false},"author":1,"featured_media":0,"parent":0,"menu_order":0,"comment_status":"closed","ping_status":"closed","template":"","meta":{"footnotes":""},"class_list":["post-1268","page","type-page","status-publish","hentry"],"_links":{"self":[{"href":"https:\/\/msjilove.cz\/index.php?rest_route=\/wp\/v2\/pages\/1268","targetHints":{"allow":["GET"]}}],"collection":[{"href":"https:\/\/msjilove.cz\/index.php?rest_route=\/wp\/v2\/pages"}],"about":[{"href":"https:\/\/msjilove.cz\/index.php?rest_route=\/wp\/v2\/types\/page"}],"author":[{"embeddable":true,"href":"https:\/\/msjilove.cz\/index.php?rest_route=\/wp\/v2\/users\/1"}],"replies":[{"embeddable":true,"href":"https:\/\/msjilove.cz\/index.php?rest_route=%2Fwp%2Fv2%2Fcomments&post=1268"}],"version-history":[{"count":31,"href":"https:\/\/msjilove.cz\/index.php?rest_route=\/wp\/v2\/pages\/1268\/revisions"}],"predecessor-version":[{"id":33031,"href":"https:\/\/msjilove.cz\/index.php?rest_route=\/wp\/v2\/pages\/1268\/revisions\/33031"}],"wp:attachment":[{"href":"https:\/\/msjilove.cz\/index.php?rest_route=%2Fwp%2Fv2%2Fmedia&parent=1268"}],"curies":[{"name":"wp","href":"https:\/\/api.w.org\/{rel}","templated":true}]}}